{"id":535,"date":"2023-10-09T20:32:12","date_gmt":"2023-10-09T19:32:12","guid":{"rendered":"http:\/\/www.racontemoitonhistoire.be\/?page_id=535"},"modified":"2023-12-31T12:45:02","modified_gmt":"2023-12-31T11:45:02","slug":"consultation-maternite-petite-enfance","status":"publish","type":"page","link":"http:\/\/www.racontemoitonhistoire.be\/?page_id=535","title":{"rendered":"Petite enfance"},"content":{"rendered":"\n<figure class=\"wp-block-image size-large is-resized\"><a href=\"http:\/\/www.racontemoitonhistoire.be\/wp-content\/uploads\/2023\/10\/pexels-lml-18447779-scaled.jpg\"><img loading=\"lazy\" decoding=\"async\" width=\"1024\" height=\"683\" src=\"http:\/\/www.racontemoitonhistoire.be\/wp-content\/uploads\/2023\/10\/pexels-lml-18447779-1024x683.jpg\" alt=\"\" class=\"wp-image-553\" style=\"aspect-ratio:1.5029940119760479;width:376px;height:auto\" srcset=\"http:\/\/www.racontemoitonhistoire.be\/wp-content\/uploads\/2023\/10\/pexels-lml-18447779-1024x683.jpg 1024w, http:\/\/www.racontemoitonhistoire.be\/wp-content\/uploads\/2023\/10\/pexels-lml-18447779-300x200.jpg 300w, http:\/\/www.racontemoitonhistoire.be\/wp-content\/uploads\/2023\/10\/pexels-lml-18447779-768x512.jpg 768w, http:\/\/www.racontemoitonhistoire.be\/wp-content\/uploads\/2023\/10\/pexels-lml-18447779-1536x1024.jpg 1536w, http:\/\/www.racontemoitonhistoire.be\/wp-content\/uploads\/2023\/10\/pexels-lml-18447779-2048x1365.jpg 2048w\" sizes=\"(max-width: 1024px) 100vw, 1024px\" \/><\/a><\/figure>\n\n\n\n<p class=\"has-text-align-center\"><strong>Consultation \u00ab\u00a0Du d\u00e9sir d&rsquo;enfant \u00e0 3 ans\u00a0\u00bb<\/strong><\/p>\n\n\n\n<p class=\"has-text-align-left\"><strong>Pourquoi venir consulter ?<\/strong><\/p>\n\n\n\n<p>\u00b7 Vous avez un projet parental et vous vous posez des questions,<\/p>\n\n\n\n<p>\u00b7 Vous attendez un enfant et vous vous questionnez sur sa venue,<\/p>\n\n\n\n<p>\u00b7 Vous vivez, ou avez v\u00e9cu, une grossesse compliqu\u00e9e, un accouchement difficile ou pr\u00e9matur\u00e9, et vous avez besoin d\u2019aide, de faire le point, de comprendre\u2026<\/p>\n\n\n\n<p>\u00b7 Vous \u00eates parents d\u2019un enfant en bas-\u00e2ge et vous rencontrez des difficult\u00e9s ou \u00eates confront\u00e9s \u00e0 un questionnement,<\/p>\n\n\n\n<p>\u00b7 Votre b\u00e9b\u00e9 ou votre jeune enfant pr\u00e9sente un comportement qui vous inqui\u00e8te,<\/p>\n\n\n\n<p>\u00b7 Vous rencontrez des difficult\u00e9s dans vos vies parentale, personnelle, de couple, et vous cherchez \u00e0 mieux les conjuguer,<\/p>\n\n\n\n<p>\u00b7 Vous \u00eates confront\u00e9 \u00e0 une d\u00e9sillusion dans votre parentalit\u00e9,<\/p>\n\n\n\n<p>\u00b7 Vous rencontrez des difficult\u00e9s en post-partum<\/p>\n\n\n\n<p>\u00b7 \u2026<\/p>\n\n\n\n<p><strong>Pour quel motif ?<\/strong><\/p>\n\n\n\n<p>Vous cherchez<\/p>\n\n\n\n<p>\u00b7 un accompagnement th\u00e9rapeutique autour de la parentalit\u00e9, la grossesse et l\u2019accouchement, en individuel, en couple ou en famille<\/p>\n\n\n\n<p>\u00b7 un accompagnement dans la grossesse et la parentalit\u00e9<\/p>\n\n\n\n<p>\u00b7 une pr\u00e9paration \u00e0 la naissance et \u00e0 l\u2019accouchement<\/p>\n\n\n\n<p>\u00b7 un soutien \u00e0 l\u2019alimentation du nouveau-n\u00e9<\/p>\n\n\n\n<p>\u00b7 \u2026<\/p>\n\n\n\n<p><strong>Pour qui ?<\/strong><\/p>\n\n\n\n<p>\u00b7 Toute personne ou couple en d\u00e9sir\/en attente d\u2019enfant(s)<\/p>\n\n\n\n<p>\u00b7 Parent(s) d\u2019enfant(s) de 0 \u00e0 3 ans<\/p>\n\n\n\n<p>\u00b7 B\u00e9b\u00e9 ou enfant jusque 3 ans avec ses parents<\/p>\n\n\n\n<p>\u00b7 Parents confront\u00e9s au deuil d\u2019un enfant<\/p>\n\n\n\n<p><strong>Quelle approche ?<\/strong><\/p>\n\n\n\n<p>\u00b7 Les s\u00e9ances se font sous forme d\u2019entretiens<\/p>\n\n\n\n<p>o individuels de 45 minutes,<\/p>\n\n\n\n<p>o en couple\/famille d\u2019une heure.<\/p>\n\n\n\n<p>\u00b7 L\u2019hypnose pourra \u00eatre propos\u00e9e dans certaines probl\u00e9matiques.<\/p>\n\n\n\n<p><strong>Quand ?<\/strong><\/p>\n\n\n\n<p>\u00b7 Lundi de 14 \u00e0 18 h<\/p>\n\n\n\n<p>\u00b7 Vendredi de 9 h \u00e0 13 h<\/p>\n\n\n\n<p><strong>A quel remboursement ai-je droit ?<\/strong><\/p>\n\n\n\n<p>Les p\u00e9riodes de grossesse et de post-partum ouvrent le droit \u00e0 une intervention de l\u2019INAMI dans les soins prodigu\u00e9s par une sage-femme.<\/p>\n\n\n\n<p>Votre th\u00e9rapeute est aussi une sage-femme conventionn\u00e9e. <\/p>\n\n\n\n<p>Num\u00e9ro INAMI : 4\/08416\/51\/003<\/p>\n","protected":false},"excerpt":{"rendered":"<p>Consultation \u00ab\u00a0Du d\u00e9sir d&rsquo;enfant \u00e0 3 ans\u00a0\u00bb Pourquoi venir consulter ? \u00b7 Vous avez un projet parental et vous vous posez des questions, \u00b7 Vous attendez un enfant et vous vous questionnez sur sa venue, \u00b7 Vous vivez, ou avez v\u00e9cu, une grossesse compliqu\u00e9e, un accouchement difficile ou pr\u00e9matur\u00e9, et vous avez besoin d\u2019aide, de [&hellip;]<\/p>\n","protected":false},"author":1,"featured_media":0,"parent":0,"menu_order":0,"comment_status":"closed","ping_status":"closed","template":"","meta":{"saved_in_kubio":false,"om_disable_all_campaigns":false,"_monsterinsights_skip_tracking":false,"_monsterinsights_sitenote_active":false,"_monsterinsights_sitenote_note":"","_monsterinsights_sitenote_category":0,"footnotes":""},"class_list":["post-535","page","type-page","status-publish","hentry"],"aioseo_notices":[],"kubio_ai_page_context":{"short_desc":"","purpose":"general"},"_links":{"self":[{"href":"http:\/\/www.racontemoitonhistoire.be\/index.php?rest_route=\/wp\/v2\/pages\/535","targetHints":{"allow":["GET"]}}],"collection":[{"href":"http:\/\/www.racontemoitonhistoire.be\/index.php?rest_route=\/wp\/v2\/pages"}],"about":[{"href":"http:\/\/www.racontemoitonhistoire.be\/index.php?rest_route=\/wp\/v2\/types\/page"}],"author":[{"embeddable":true,"href":"http:\/\/www.racontemoitonhistoire.be\/index.php?rest_route=\/wp\/v2\/users\/1"}],"replies":[{"embeddable":true,"href":"http:\/\/www.racontemoitonhistoire.be\/index.php?rest_route=%2Fwp%2Fv2%2Fcomments&post=535"}],"version-history":[{"count":7,"href":"http:\/\/www.racontemoitonhistoire.be\/index.php?rest_route=\/wp\/v2\/pages\/535\/revisions"}],"predecessor-version":[{"id":570,"href":"http:\/\/www.racontemoitonhistoire.be\/index.php?rest_route=\/wp\/v2\/pages\/535\/revisions\/570"}],"wp:attachment":[{"href":"http:\/\/www.racontemoitonhistoire.be\/index.php?rest_route=%2Fwp%2Fv2%2Fmedia&parent=535"}],"curies":[{"name":"wp","href":"https:\/\/api.w.org\/{rel}","templated":true}]}}