{"id":573,"date":"2024-04-08T19:51:46","date_gmt":"2024-04-08T18:51:46","guid":{"rendered":"http:\/\/www.racontemoitonhistoire.be\/?page_id=573"},"modified":"2025-07-24T11:10:43","modified_gmt":"2025-07-24T10:10:43","slug":"benoit-zinzen","status":"publish","type":"page","link":"https:\/\/www.racontemoitonhistoire.be\/?page_id=573","title":{"rendered":"Beno\u00eet Zinzen, orthop\u00e9dagogue clinicien"},"content":{"rendered":"<div class=\"wp-block-image\">\n<figure class=\"aligncenter size-large is-resized\"><a href=\"https:\/\/www.racontemoitonhistoire.be\/wp-content\/uploads\/2025\/07\/Recadree-pour-photobox-084-scaled.jpg\"><img loading=\"lazy\" decoding=\"async\" width=\"1024\" height=\"992\" src=\"https:\/\/www.racontemoitonhistoire.be\/wp-content\/uploads\/2025\/07\/Recadree-pour-photobox-084-1024x992.jpg\" alt=\"\" class=\"wp-image-712\" style=\"width:510px;height:auto\" srcset=\"https:\/\/www.racontemoitonhistoire.be\/wp-content\/uploads\/2025\/07\/Recadree-pour-photobox-084-1024x992.jpg 1024w, https:\/\/www.racontemoitonhistoire.be\/wp-content\/uploads\/2025\/07\/Recadree-pour-photobox-084-300x291.jpg 300w, https:\/\/www.racontemoitonhistoire.be\/wp-content\/uploads\/2025\/07\/Recadree-pour-photobox-084-768x744.jpg 768w, https:\/\/www.racontemoitonhistoire.be\/wp-content\/uploads\/2025\/07\/Recadree-pour-photobox-084-1536x1488.jpg 1536w, https:\/\/www.racontemoitonhistoire.be\/wp-content\/uploads\/2025\/07\/Recadree-pour-photobox-084-2048x1984.jpg 2048w\" sizes=\"(max-width: 1024px) 100vw, 1024px\" \/><\/a><\/figure>\n<\/div>\n\n\n<p>Ecoute et coordination entre professionnels et lieux de vie<br>o Accueil des personnes seules, fratries et parents<br>o R\u00e9silience et qualit\u00e9 de vie<br>o Analyse de bilans pluridisciplinaires<\/p>\n\n\n\n<p>\u00c9valuation multidimensionnelle et quotient intellectuel (QI)<br>o Pour identifier les ressources et les besoins<br>o Pour une suspicion de troubles d\u2019apprentissage,<br>o Pour une suspicion de trouble envahissant du d\u00e9veloppement (ex : TSA)<br>o Pour envisager un remboursement logop\u00e9dique<\/p>\n\n\n\n<p><\/p>\n\n\n\n<p>Accompagnements et interventions en cabinet et milieux de vie<br>o Visite et observation des lieux de vie<br>o Coordination entre les praticiens et les lieux de vie<br>\u25aa D\u00e9finir, clarifier les priorit\u00e9s d\u2019intervention<br>\u25aa Aide \u00e0 la mise en place des am\u00e9nagements raisonnables dans les lieux de vie<br>o Programme EIS de 0 \u00e0 6 ans : \u00e9valuation, intervention et suivi<br>o R\u00e9\u00e9ducation : habilet\u00e9s sociales et \u00e9motionnelles : concept de soi et estime de soi<br>o GACS : Groupe d\u2019Apprentissage \u00e0 la Socialisation et \u00e0 la Communication<\/p>\n\n\n\n<p><br>Conventionn\u00e9 avec le r\u00e9seau de sant\u00e9 mentale R.E.A.L.I.S.M (0-23 ans)<br>Visa et Agr\u00e9ment : Orthop\u00e9dagogue clinicien<br>Compsy : 8 2 1 2 4 1 0 7 8<br>Inami : 70472775000<\/p>\n\n\n\n<p>Pour prendre rendez-vous directement avec Beno\u00eet Zinzen, vous pouvez directement acc\u00e9der \u00e0 son agenda en ligne:<\/p>\n\n\n\n<p><a href=\"https:\/\/rosa.be\/fr\/booking\/hp\/benoit-zinzen\/site\">https:\/\/rosa.be\/fr\/booking\/hp\/benoit-zinzen\/site<\/a><\/p>\n\n\n\n<blockquote class=\"wp-block-quote is-layout-flow wp-block-quote-is-layout-flow\"><div class=\"wp-block-image\">\n<figure class=\"aligncenter size-full is-resized\"><a href=\"http:\/\/www.racontemoitonhistoire.be\/wp-content\/uploads\/2024\/09\/logo-version-jpeg.jpg\"><img loading=\"lazy\" decoding=\"async\" width=\"500\" height=\"500\" src=\"http:\/\/www.racontemoitonhistoire.be\/wp-content\/uploads\/2024\/09\/logo-version-jpeg.jpg\" alt=\"\" class=\"wp-image-603\" style=\"width:237px;height:auto\" srcset=\"https:\/\/www.racontemoitonhistoire.be\/wp-content\/uploads\/2024\/09\/logo-version-jpeg.jpg 500w, https:\/\/www.racontemoitonhistoire.be\/wp-content\/uploads\/2024\/09\/logo-version-jpeg-300x300.jpg 300w, https:\/\/www.racontemoitonhistoire.be\/wp-content\/uploads\/2024\/09\/logo-version-jpeg-150x150.jpg 150w, https:\/\/www.racontemoitonhistoire.be\/wp-content\/uploads\/2024\/09\/logo-version-jpeg-100x100.jpg 100w\" sizes=\"(max-width: 500px) 100vw, 500px\" \/><\/a><\/figure>\n<\/div><\/blockquote>\n","protected":false},"excerpt":{"rendered":"<p>Ecoute et coordination entre professionnels et lieux de vieo Accueil des personnes seules, fratries et parentso R\u00e9silience et qualit\u00e9 de vieo Analyse de bilans pluridisciplinaires \u00c9valuation multidimensionnelle et quotient intellectuel (QI)o Pour identifier les ressources et les besoinso Pour une suspicion de troubles d\u2019apprentissage,o Pour une suspicion de trouble envahissant du d\u00e9veloppement (ex : TSA)o [&hellip;]<\/p>\n","protected":false},"author":1,"featured_media":0,"parent":0,"menu_order":0,"comment_status":"closed","ping_status":"closed","template":"","meta":{"saved_in_kubio":true,"om_disable_all_campaigns":false,"_monsterinsights_skip_tracking":false,"_monsterinsights_sitenote_active":false,"_monsterinsights_sitenote_note":"","_monsterinsights_sitenote_category":0,"footnotes":""},"class_list":["post-573","page","type-page","status-publish","hentry"],"aioseo_notices":[],"kubio_ai_page_context":{"short_desc":"","purpose":"general"},"_links":{"self":[{"href":"https:\/\/www.racontemoitonhistoire.be\/index.php?rest_route=\/wp\/v2\/pages\/573","targetHints":{"allow":["GET"]}}],"collection":[{"href":"https:\/\/www.racontemoitonhistoire.be\/index.php?rest_route=\/wp\/v2\/pages"}],"about":[{"href":"https:\/\/www.racontemoitonhistoire.be\/index.php?rest_route=\/wp\/v2\/types\/page"}],"author":[{"embeddable":true,"href":"https:\/\/www.racontemoitonhistoire.be\/index.php?rest_route=\/wp\/v2\/users\/1"}],"replies":[{"embeddable":true,"href":"https:\/\/www.racontemoitonhistoire.be\/index.php?rest_route=%2Fwp%2Fv2%2Fcomments&post=573"}],"version-history":[{"count":15,"href":"https:\/\/www.racontemoitonhistoire.be\/index.php?rest_route=\/wp\/v2\/pages\/573\/revisions"}],"predecessor-version":[{"id":955,"href":"https:\/\/www.racontemoitonhistoire.be\/index.php?rest_route=\/wp\/v2\/pages\/573\/revisions\/955"}],"wp:attachment":[{"href":"https:\/\/www.racontemoitonhistoire.be\/index.php?rest_route=%2Fwp%2Fv2%2Fmedia&parent=573"}],"curies":[{"name":"wp","href":"https:\/\/api.w.org\/{rel}","templated":true}]}}